{"id":298,"date":"2015-12-28T12:15:00","date_gmt":"2015-12-28T15:15:00","guid":{"rendered":"http:\/\/rosepepe.com.br\/acquerello\/?page_id=298"},"modified":"2017-12-03T17:22:11","modified_gmt":"2017-12-03T20:22:11","slug":"curriculum-vitae","status":"publish","type":"page","link":"https:\/\/rosepepe.com.br\/acquerello\/curriculum-vitae\/","title":{"rendered":"CURRICULUM VITAE"},"content":{"rendered":"<div class=\"fusion-fullwidth fullwidth-box fusion-builder-row-1 nonhundred-percent-fullwidth non-hundred-percent-height-scrolling\" style=\"--awb-background-position:left top;--awb-border-radius-top-left:0px;--awb-border-radius-top-right:0px;--awb-border-radius-bottom-right:0px;--awb-border-radius-bottom-left:0px;--awb-padding-top:20px;--awb-padding-bottom:20px;--awb-border-sizes-top:0px;--awb-border-sizes-bottom:0px;--awb-flex-wrap:wrap;\" ><div class=\"fusion-builder-row fusion-row\"><div class=\"fusion-layout-column fusion_builder_column fusion-builder-column-0 fusion_builder_column_1_1 1_1 fusion-one-full fusion-column-first fusion-column-last\" style=\"--awb-padding-top:20px;--awb-padding-right:20px;--awb-padding-bottom:20px;--awb-padding-left:20px;--awb-bg-size:cover;\"><div class=\"fusion-column-wrapper fusion-flex-column-wrapper-legacy\"><div class=\"fusion-text fusion-text-1\"><h2>ROSE PEPE{ desde 1965 }<br \/>\nROSE PEPE PROD &amp; DESIGN { desde 2000 }<br \/>\nT 91 99208\u20133165 \u2022 rose-pepe@uol.com.br<\/h2>\n<\/div><div class=\"accordian fusion-accordian\" style=\"--awb-border-size:1px;--awb-icon-size:13px;--awb-content-font-size:13px;--awb-icon-alignment:left;--awb-hover-color:#f9f9f9;--awb-border-color:#cccccc;--awb-background-color:#ffffff;--awb-divider-color:#3e3e3e;--awb-divider-hover-color:#3e3e3e;--awb-icon-color:#ffffff;--awb-title-color:#ffffff;--awb-content-color:#aaa9a9;--awb-icon-box-color:#3e3e3e;--awb-toggle-hover-accent-color:#9e9e9e;--awb-title-font-family:&quot;PT Sans&quot;;--awb-title-font-weight:400;--awb-title-font-style:normal;--awb-title-font-size:13px;--awb-content-font-family:&quot;PT Sans&quot;;--awb-content-font-style:normal;--awb-content-font-weight:400;\"><div class=\"panel-group fusion-toggle-icon-boxed\" id=\"accordion-298-1\"><div class=\"fusion-panel panel-default panel-9519ea3dc159974ae fusion-toggle-has-divider\"><div class=\"panel-heading\"><h4 class=\"panel-title toggle\" id=\"toggle_9519ea3dc159974ae\"><a aria-expanded=\"false\" aria-controls=\"9519ea3dc159974ae\" role=\"button\" data-toggle=\"collapse\" data-parent=\"#accordion-298-1\" data-target=\"#9519ea3dc159974ae\" href=\"#9519ea3dc159974ae\"><span class=\"fusion-toggle-icon-wrapper\" aria-hidden=\"true\"><i class=\"fa-fusion-box active-icon awb-icon-minus\" aria-hidden=\"true\"><\/i><i class=\"fa-fusion-box inactive-icon awb-icon-plus\" aria-hidden=\"true\"><\/i><\/span><span class=\"fusion-toggle-heading\">FORMA\u00c7\u00c3O ACAD\u00caMICA<\/span><\/a><\/h4><\/div><div id=\"9519ea3dc159974ae\" class=\"panel-collapse collapse \" aria-labelledby=\"toggle_9519ea3dc159974ae\"><div class=\"panel-body toggle-content fusion-clearfix\">Educa\u00e7\u00e3o Art\u00edstica \/ Habilita\u00e7\u00e3o em Artes Pl\u00e1sticas \u2013 1989<\/div><\/div><\/div><div class=\"fusion-panel panel-default panel-129bb479ca262570b fusion-toggle-has-divider\"><div class=\"panel-heading\"><h4 class=\"panel-title toggle\" id=\"toggle_129bb479ca262570b\"><a class=\"active\" aria-expanded=\"true\" aria-controls=\"129bb479ca262570b\" role=\"button\" data-toggle=\"collapse\" data-parent=\"#accordion-298-1\" data-target=\"#129bb479ca262570b\" href=\"#129bb479ca262570b\"><span class=\"fusion-toggle-icon-wrapper\" aria-hidden=\"true\"><i class=\"fa-fusion-box active-icon awb-icon-minus\" aria-hidden=\"true\"><\/i><i class=\"fa-fusion-box inactive-icon awb-icon-plus\" aria-hidden=\"true\"><\/i><\/span><span class=\"fusion-toggle-heading\">PRINCIPAIS EXPOSI\u00c7\u00d5ES (INDIVIDUAIS E COLETIVAS)<\/span><\/a><\/h4><\/div><div id=\"129bb479ca262570b\" class=\"panel-collapse collapse in\" aria-labelledby=\"toggle_129bb479ca262570b\"><div class=\"panel-body toggle-content fusion-clearfix\">\n<p><img decoding=\"async\" class=\"aligncenter wp-image-411 size-full\" src=\"http:\/\/rosepepe.com.br\/acquerello\/wp-content\/uploads\/2015\/12\/cv_03a.png\" alt=\"\" width=\"1500\" height=\"383\" srcset=\"https:\/\/rosepepe.com.br\/acquerello\/wp-content\/uploads\/2015\/12\/cv_03a-300x77.png 300w, https:\/\/rosepepe.com.br\/acquerello\/wp-content\/uploads\/2015\/12\/cv_03a-768x196.png 768w, https:\/\/rosepepe.com.br\/acquerello\/wp-content\/uploads\/2015\/12\/cv_03a-1024x261.png 1024w, https:\/\/rosepepe.com.br\/acquerello\/wp-content\/uploads\/2015\/12\/cv_03a.png 1500w\" sizes=\"(max-width: 1500px) 100vw, 1500px\" \/><\/p>\n<ul>\n<li>PERNAMBUCO 91 \u2013 releitura pl\u00e1stica sobre o folclore pernambucano &#8211; Galeria Metropolitana de Arte Alo\u00edsio Magalh\u00e3es \u2013 Recife\/PE (*) Obra no acervo<\/li>\n<li>DECAMERON \u2013 releitura da obra \u00a0cinematogr\u00e1fica de Pier Paolo Pasolini &#8211; Centro de Artes de S\u00e3o Paulo \u2013 S\u00e3o Paulo\/SP<\/li>\n<li>CABARET \u2013 releitura sobre filme com Liza Minelli &#8211; <em>Gallery<\/em> &#8211; S\u00e3o Paulo\/SP<\/li>\n<li>MOSTRA MPB DE ARTE \u2013 Casa de Espet\u00e1culos Tom Brasil &#8211; S\u00e3o Paulo\/SP<\/li>\n<li>BAHIA \u00d4 \u00c1FRICA \u2013 Secretaria de Estado da Cultura de S\u00e3o Paulo\/SP<\/li>\n<li>2001 OS SIGNOS DO S\u00c9CULO XXI \u2013 Secretaria de Estado da Cultura &#8211; S\u00e3o Paulo\/SP<\/li>\n<li>FOR ALL \u2013 exposi\u00e7\u00e3o sobre a hist\u00f3ria do \u201cforr\u00f3\u201d com participa\u00e7\u00e3o de Elba Ramalho, Geraldo Azevedo\u00a0e Luiz Gonzaga (in memorian) \u2013 S\u00e3o Paulo\/SP<\/li>\n<li>CHIQUINHA GONZAGA \u2013 releitura pl\u00e1stica sobre a hist\u00f3ria da primeira maestrina brasileira \u2013 Casa de\u00a0Espet\u00e1culos Tom Brasil \u2013 S\u00e3o Paulo\/SP<\/li>\n<li>54\u00ba SAL\u00c3O PAULISTA DE BELAS ARTES \u2013 Esta\u00e7\u00e3o Pinacoteca \u2013 S\u00e3o Paulo\/SP<\/li>\n<li>AS SEMANAS DE 22 \u2013 mostra com imagens e documentos resgatados pelo colecionador Dario Bueno\u00a0sobre a 1\u00aa Exposi\u00e7\u00e3o Paulista de Belas Artes<\/li>\n<li>UMA VIAGEM DE 450 ANOS \u2013 SESC Pomp\u00e9ia &#8211; S\u00e3o Paulo\/SP<\/li>\n<li>QUATRO ARTISTAS \u2013 QUATRO ESTA\u00c7\u00d5ES \u2013 Gallery &#8211; S\u00e3o Paulo\/SP<\/li>\n<li>OS ANTONIOS \u2013 releitura sobre a imigra\u00e7\u00e3o no Estado de S\u00e3o Paulo &#8211; projeto aprovado pela Lei\u00a0Rouanet de Incentivo \u00e0 Cultura \u2013 mostra itinerante \u2013 S\u00e3o Paulo<\/li>\n<li>RECLAMES: HIST\u00d3RIA DA PROPAGANDA NO BRASIL \u2013 projeto aprovado pela Lei Rouanet de Incentivo \u00e0\u00a0Cultura \u2013 mostra itinerante \u2013 S\u00e3o Paulo<\/li>\n<\/ul>\n<\/div><\/div><\/div><div class=\"fusion-panel panel-default panel-1916f2f78720c53a5 fusion-toggle-has-divider\"><div class=\"panel-heading\"><h4 class=\"panel-title toggle\" id=\"toggle_1916f2f78720c53a5\"><a aria-expanded=\"false\" aria-controls=\"1916f2f78720c53a5\" role=\"button\" data-toggle=\"collapse\" data-parent=\"#accordion-298-1\" data-target=\"#1916f2f78720c53a5\" href=\"#1916f2f78720c53a5\"><span class=\"fusion-toggle-icon-wrapper\" aria-hidden=\"true\"><i class=\"fa-fusion-box active-icon awb-icon-minus\" aria-hidden=\"true\"><\/i><i class=\"fa-fusion-box inactive-icon awb-icon-plus\" aria-hidden=\"true\"><\/i><\/span><span class=\"fusion-toggle-heading\">PRINCIPAIS EXPOSI\u00c7\u00d5ES (CONCEP\u00c7\u00c3O, PROJETO, PROGRAMA\u00c7\u00c3O VISUAL)<\/span><\/a><\/h4><\/div><div id=\"1916f2f78720c53a5\" class=\"panel-collapse collapse \" aria-labelledby=\"toggle_1916f2f78720c53a5\"><div class=\"panel-body toggle-content fusion-clearfix\">\n<ul>\n<li>PRES\u00c9PIO NAPOLITANO DO S\u00c9CULO XVIII \u2013 com pe\u00e7as originais do museu de N\u00e1poli\/It\u00e1lia &#8211; Sala S\u00e3o Paulo \u2013 S\u00e3o Paulo\/SP<\/li>\n<li>CARNAVAL DE ONTEM E HOJE \u2013 Assessoria para G\u00eaneros e Etnias da Secretaria de Cultura\u2013SP<\/li>\n<li>PIXINGUINHA \u2013 Mostra com desenhos de Elifas Andreatto &#8211; Departamento de Museus e Arquivos da Secretaria de Cultura do Estado de S\u00e3o Paulo \u2013 Mostra realizada na Sala S\u00e3o Paulo<\/li>\n<li>30 ANOS DA TV CULTURA \u2013 Funda\u00e7\u00e3o de Radiodifus\u00e3o do Estado do Par\u00e1 \u2013 Esta\u00e7\u00e3o das Docas \u2013 Bel\u00e9m\/PA<\/li>\n<li>SESMARIAS \u2013 Instituto de Terras do Estado do Par\u00e1 \u2013 Bel\u00e9m\/PA<\/li>\n<\/ul>\n<\/div><\/div><\/div><div class=\"fusion-panel panel-default panel-8af5cf8c2a346f6e7 fusion-toggle-has-divider\"><div class=\"panel-heading\"><h4 class=\"panel-title toggle\" id=\"toggle_8af5cf8c2a346f6e7\"><a class=\"active\" aria-expanded=\"true\" aria-controls=\"8af5cf8c2a346f6e7\" role=\"button\" data-toggle=\"collapse\" data-parent=\"#accordion-298-1\" data-target=\"#8af5cf8c2a346f6e7\" href=\"#8af5cf8c2a346f6e7\"><span class=\"fusion-toggle-icon-wrapper\" aria-hidden=\"true\"><i class=\"fa-fusion-box active-icon awb-icon-minus\" aria-hidden=\"true\"><\/i><i class=\"fa-fusion-box inactive-icon awb-icon-plus\" aria-hidden=\"true\"><\/i><\/span><span class=\"fusion-toggle-heading\">ATIVIDADES DESENVOLVIDAS {1991\/2016}<\/span><\/a><\/h4><\/div><div id=\"8af5cf8c2a346f6e7\" class=\"panel-collapse collapse in\" aria-labelledby=\"toggle_8af5cf8c2a346f6e7\"><div class=\"panel-body toggle-content fusion-clearfix\">\n<p><a href=\"http:\/\/rosepepe.com.br\/acquerello\/wp-content\/uploads\/2015\/12\/cv_01b.png\" rel=\"prettyPhoto\"><img decoding=\"async\" class=\"alignnone wp-image-967 size-full\" src=\"http:\/\/rosepepe.com.br\/acquerello\/wp-content\/uploads\/2015\/12\/cv_01b.png\" alt=\"\" width=\"1500\" height=\"360\" srcset=\"https:\/\/rosepepe.com.br\/acquerello\/wp-content\/uploads\/2015\/12\/cv_01b-300x72.png 300w, https:\/\/rosepepe.com.br\/acquerello\/wp-content\/uploads\/2015\/12\/cv_01b-768x184.png 768w, https:\/\/rosepepe.com.br\/acquerello\/wp-content\/uploads\/2015\/12\/cv_01b-1024x246.png 1024w, https:\/\/rosepepe.com.br\/acquerello\/wp-content\/uploads\/2015\/12\/cv_01b.png 1500w\" sizes=\"(max-width: 1500px) 100vw, 1500px\" \/><\/a><\/p>\n<p>Assessoria e produ\u00e7\u00e3o para comerciais de televis\u00e3o e programa \u201cTelecurso I Grau\u201d da Rede Globo \/ Coordena\u00e7\u00e3o de revista de arte \/ Cenografia para programa \u201cOs Cafund\u00f3s do Brasil\u201d da Rede Mulher de Televis\u00e3o \/ Programa\u00e7\u00e3o visual e identidade corporativa \/ Montagem de exposi\u00e7\u00f5es e sal\u00f5es de arte \/ Projetos museol\u00f3gicos e museogr\u00e1ficos \/ Design \/ Cria\u00e7\u00e3o de logotipos \/ Layouts para livros, revistas, cat\u00e1logos \/ Desenvolvimento de projetos \/ Autoria gr\u00e1fica de DVD-ROM \/ Dire\u00e7\u00e3o de arte para produtos audiovisuais \/ Digitaliza\u00e7\u00e3o de acervo.<\/p>\n<\/div><\/div><\/div><div class=\"fusion-panel panel-default panel-54a84ddf6b36a9a6a fusion-toggle-has-divider\"><div class=\"panel-heading\"><h4 class=\"panel-title toggle\" id=\"toggle_54a84ddf6b36a9a6a\"><a class=\"active\" aria-expanded=\"true\" aria-controls=\"54a84ddf6b36a9a6a\" role=\"button\" data-toggle=\"collapse\" data-parent=\"#accordion-298-1\" data-target=\"#54a84ddf6b36a9a6a\" href=\"#54a84ddf6b36a9a6a\"><span class=\"fusion-toggle-icon-wrapper\" aria-hidden=\"true\"><i class=\"fa-fusion-box active-icon awb-icon-minus\" aria-hidden=\"true\"><\/i><i class=\"fa-fusion-box inactive-icon awb-icon-plus\" aria-hidden=\"true\"><\/i><\/span><span class=\"fusion-toggle-heading\">DESIGN \/ CRIA\u00c7\u00c3O \/ LAYOUTS<\/span><\/a><\/h4><\/div><div id=\"54a84ddf6b36a9a6a\" class=\"panel-collapse collapse in\" aria-labelledby=\"toggle_54a84ddf6b36a9a6a\"><div class=\"panel-body toggle-content fusion-clearfix\">\n<p><a href=\"http:\/\/rosepepe.com.br\/acquerello\/wp-content\/uploads\/2015\/12\/cv_04b.png\" rel=\"prettyPhoto\"><img decoding=\"async\" class=\"alignnone wp-image-1355 size-full\" src=\"http:\/\/rosepepe.com.br\/acquerello\/wp-content\/uploads\/2015\/12\/cv_04b.png\" alt=\"\" width=\"1500\" height=\"507\" srcset=\"https:\/\/rosepepe.com.br\/acquerello\/wp-content\/uploads\/2015\/12\/cv_04b-300x101.png 300w, https:\/\/rosepepe.com.br\/acquerello\/wp-content\/uploads\/2015\/12\/cv_04b-768x260.png 768w, https:\/\/rosepepe.com.br\/acquerello\/wp-content\/uploads\/2015\/12\/cv_04b-1024x346.png 1024w, https:\/\/rosepepe.com.br\/acquerello\/wp-content\/uploads\/2015\/12\/cv_04b.png 1500w\" sizes=\"(max-width: 1500px) 100vw, 1500px\" \/><\/a><\/p>\n<p>Secretaria de Estado da Cultura de S\u00e3o Paulo \/ Centro de Estudos Musicais Tom Jobim \/ Pinacoteca \/\u00a0Museu de Arte Sacra de S\u00e3o Paulo \/ Museu da Imagem e do Som \/ Clube Pinheiros \/ Casa de Espet\u00e1culos\u00a0Tom Brasil \/ Centro de Artes de S\u00e3o Paulo \/ Theatro Mvnicipal de S\u00e3o Paulo \/ Prefeitura Municipal de S\u00e3o\u00a0Paulo \/ OSESP \/ Sala S\u00e3o Paulo \/ Museu Casa de Portinari \/ Casa Guilherme de Almeida \/ Museu Hist\u00f3rico\u00a0Conselheiro Rodrigues ALves \/ Arquivo do Estado de SP \/ Casa das Rosas \/ Funda\u00e7\u00e3o Cultural Banco do\u00a0Brasil \/ Bar Vou Vivendo \/ Universidade de S\u00e3o Paulo \/ Assembl\u00e9ia Legislativa do Estado de S\u00e3o Paulo \/\u00a0Assessoria Afro \/ Funda\u00e7\u00e3o Padre Anchieta \/ Light SP \/ Instituto de Terras do Par\u00e1 \/ Funtelpa \/ Vale \/ Universidade\u00a0Federal do Par\u00e1 \/ Funda\u00e7\u00e3o de Amparo e Desenvolvimento da Pesquisa \/ Ceamazon \/ Instituto\u00a0de Artes do Par\u00e1 \/ Universidade Federal do Oeste do Par\u00e1 \/ Instituto de Pesquisa da Amaz\u00f4nia.<\/p>\n<\/div><\/div><\/div><div class=\"fusion-panel panel-default panel-90807ef65a9e3fdb2 fusion-toggle-has-divider\"><div class=\"panel-heading\"><h4 class=\"panel-title toggle\" id=\"toggle_90807ef65a9e3fdb2\"><a class=\"active\" aria-expanded=\"true\" aria-controls=\"90807ef65a9e3fdb2\" role=\"button\" data-toggle=\"collapse\" data-parent=\"#accordion-298-1\" data-target=\"#90807ef65a9e3fdb2\" href=\"#90807ef65a9e3fdb2\"><span class=\"fusion-toggle-icon-wrapper\" aria-hidden=\"true\"><i class=\"fa-fusion-box active-icon awb-icon-minus\" aria-hidden=\"true\"><\/i><i class=\"fa-fusion-box inactive-icon awb-icon-plus\" aria-hidden=\"true\"><\/i><\/span><span class=\"fusion-toggle-heading\">AUDIOVISUAL {V\u00eddeos \/ Revista Eletr\u00f4nica \/ E-Books} \u2022 DIRE\u00c7\u00c3O DE ARTE<\/span><\/a><\/h4><\/div><div id=\"90807ef65a9e3fdb2\" class=\"panel-collapse collapse in\" aria-labelledby=\"toggle_90807ef65a9e3fdb2\"><div class=\"panel-body toggle-content fusion-clearfix\">\n<p><a href=\"http:\/\/rosepepe.com.br\/acquerello\/wp-content\/uploads\/2015\/12\/cv_05b.png\" rel=\"prettyPhoto\"><img decoding=\"async\" class=\"alignnone wp-image-958 size-full\" src=\"http:\/\/rosepepe.com.br\/acquerello\/wp-content\/uploads\/2015\/12\/cv_05b.png\" alt=\"\" width=\"1500\" height=\"329\" srcset=\"https:\/\/rosepepe.com.br\/acquerello\/wp-content\/uploads\/2015\/12\/cv_05b-300x66.png 300w, https:\/\/rosepepe.com.br\/acquerello\/wp-content\/uploads\/2015\/12\/cv_05b-768x168.png 768w, https:\/\/rosepepe.com.br\/acquerello\/wp-content\/uploads\/2015\/12\/cv_05b-1024x225.png 1024w, https:\/\/rosepepe.com.br\/acquerello\/wp-content\/uploads\/2015\/12\/cv_05b.png 1500w\" sizes=\"(max-width: 1500px) 100vw, 1500px\" \/><\/a><\/p>\n<p>Universidade de S\u00e3o Paulo-USP \/ Universidade do Estado do Par\u00e1-UEPA \/ ITEC-Universidade Federal do\u00a0Par\u00e1-UFPA \/ Instituto Evandro Chagas \/ Projeto Geociclos \/ Assessoria de Educa\u00e7\u00e3o a Dist\u00e2ncia<\/p>\n<\/div><\/div><\/div><div class=\"fusion-panel panel-default panel-eefe58f446c5215a6 fusion-toggle-has-divider\"><div class=\"panel-heading\"><h4 class=\"panel-title toggle\" id=\"toggle_eefe58f446c5215a6\"><a class=\"active\" aria-expanded=\"true\" aria-controls=\"eefe58f446c5215a6\" role=\"button\" data-toggle=\"collapse\" data-parent=\"#accordion-298-1\" data-target=\"#eefe58f446c5215a6\" href=\"#eefe58f446c5215a6\"><span class=\"fusion-toggle-icon-wrapper\" aria-hidden=\"true\"><i class=\"fa-fusion-box active-icon awb-icon-minus\" aria-hidden=\"true\"><\/i><i class=\"fa-fusion-box inactive-icon awb-icon-plus\" aria-hidden=\"true\"><\/i><\/span><span class=\"fusion-toggle-heading\">DVD\u2013ROM<\/span><\/a><\/h4><\/div><div id=\"eefe58f446c5215a6\" class=\"panel-collapse collapse in\" aria-labelledby=\"toggle_eefe58f446c5215a6\"><div class=\"panel-body toggle-content fusion-clearfix\"><a href=\"http:\/\/rosepepe.com.br\/acquerello\/wp-content\/uploads\/2015\/12\/cv_06a.png\" rel=\"prettyPhoto\"><img decoding=\"async\" class=\"alignnone wp-image-1356 size-full\" src=\"http:\/\/rosepepe.com.br\/acquerello\/wp-content\/uploads\/2015\/12\/cv_06a.png\" alt=\"\" width=\"1500\" height=\"254\" srcset=\"https:\/\/rosepepe.com.br\/acquerello\/wp-content\/uploads\/2015\/12\/cv_06a-300x51.png 300w, https:\/\/rosepepe.com.br\/acquerello\/wp-content\/uploads\/2015\/12\/cv_06a-768x130.png 768w, https:\/\/rosepepe.com.br\/acquerello\/wp-content\/uploads\/2015\/12\/cv_06a-1024x173.png 1024w, https:\/\/rosepepe.com.br\/acquerello\/wp-content\/uploads\/2015\/12\/cv_06a.png 1500w\" sizes=\"(max-width: 1500px) 100vw, 1500px\" \/><\/a><\/p>\n<p>Secretaria de Estado da Cultura de S\u00e3o Paulo \/ Instituto de Terras do Par\u00e1-ITERPA \/ II Confer\u00eancia Sul-Americana e VII Confer\u00eancia Brasileira de M\u00eddia Cidad\u00e3 \/ Universidade do Estado do Par\u00e1-UEPA \/ Universidade Federal do Par\u00e1-UFPA \/ Caderno de Resenhas<\/div><\/div><\/div><div class=\"fusion-panel panel-default panel-71395f009ad517f1e fusion-toggle-has-divider\"><div class=\"panel-heading\"><h4 class=\"panel-title toggle\" id=\"toggle_71395f009ad517f1e\"><a class=\"active\" aria-expanded=\"true\" aria-controls=\"71395f009ad517f1e\" role=\"button\" data-toggle=\"collapse\" data-parent=\"#accordion-298-1\" data-target=\"#71395f009ad517f1e\" href=\"#71395f009ad517f1e\"><span class=\"fusion-toggle-icon-wrapper\" aria-hidden=\"true\"><i class=\"fa-fusion-box active-icon awb-icon-minus\" aria-hidden=\"true\"><\/i><i class=\"fa-fusion-box inactive-icon awb-icon-plus\" aria-hidden=\"true\"><\/i><\/span><span class=\"fusion-toggle-heading\">WEBSITES<\/span><\/a><\/h4><\/div><div id=\"71395f009ad517f1e\" class=\"panel-collapse collapse in\" aria-labelledby=\"toggle_71395f009ad517f1e\"><div class=\"panel-body toggle-content fusion-clearfix\"><a href=\"http:\/\/rosepepe.com.br\/acquerello\/wp-content\/uploads\/2015\/12\/cv_07a.png\" rel=\"prettyPhoto\"><img decoding=\"async\" class=\"alignnone wp-image-1357 size-full\" src=\"http:\/\/rosepepe.com.br\/acquerello\/wp-content\/uploads\/2015\/12\/cv_07a.png\" alt=\"\" width=\"1500\" height=\"292\" srcset=\"https:\/\/rosepepe.com.br\/acquerello\/wp-content\/uploads\/2015\/12\/cv_07a-300x58.png 300w, https:\/\/rosepepe.com.br\/acquerello\/wp-content\/uploads\/2015\/12\/cv_07a-768x150.png 768w, https:\/\/rosepepe.com.br\/acquerello\/wp-content\/uploads\/2015\/12\/cv_07a-1024x199.png 1024w, https:\/\/rosepepe.com.br\/acquerello\/wp-content\/uploads\/2015\/12\/cv_07a.png 1500w\" sizes=\"(max-width: 1500px) 100vw, 1500px\" \/><\/a><\/p>\n<p>Instituto de Terras do Par\u00e1 \/ I F\u00f3rum Internacional de Conte\u00fado para TV P\u00fablica \/ PPGCOM \/ Comp\u00f3s 2014 \/ Intercom 2014 \/ Cons\u00f3rcio Latino Americano Direitos Humanos<\/div><\/div><\/div><div class=\"fusion-panel panel-default panel-a99307979fca92874 fusion-toggle-has-divider\"><div class=\"panel-heading\"><h4 class=\"panel-title toggle\" id=\"toggle_a99307979fca92874\"><a class=\"active\" aria-expanded=\"true\" aria-controls=\"a99307979fca92874\" role=\"button\" data-toggle=\"collapse\" data-parent=\"#accordion-298-1\" data-target=\"#a99307979fca92874\" href=\"#a99307979fca92874\"><span class=\"fusion-toggle-icon-wrapper\" aria-hidden=\"true\"><i class=\"fa-fusion-box active-icon awb-icon-minus\" aria-hidden=\"true\"><\/i><i class=\"fa-fusion-box inactive-icon awb-icon-plus\" aria-hidden=\"true\"><\/i><\/span><span class=\"fusion-toggle-heading\">PRINCIPAIS CLIENTES<\/span><\/a><\/h4><\/div><div id=\"a99307979fca92874\" class=\"panel-collapse collapse in\" aria-labelledby=\"toggle_a99307979fca92874\"><div class=\"panel-body toggle-content fusion-clearfix\">\n<p><a href=\"http:\/\/rosepepe.com.br\/acquerello\/wp-content\/uploads\/2015\/12\/cv_02a.png\" rel=\"prettyPhoto\"><img decoding=\"async\" class=\"aligncenter wp-image-415 size-full\" src=\"http:\/\/rosepepe.com.br\/acquerello\/wp-content\/uploads\/2015\/12\/cv_02a.png\" alt=\"\" width=\"1500\" height=\"454\" srcset=\"https:\/\/rosepepe.com.br\/acquerello\/wp-content\/uploads\/2015\/12\/cv_02a-300x91.png 300w, https:\/\/rosepepe.com.br\/acquerello\/wp-content\/uploads\/2015\/12\/cv_02a-768x232.png 768w, https:\/\/rosepepe.com.br\/acquerello\/wp-content\/uploads\/2015\/12\/cv_02a-1024x310.png 1024w, https:\/\/rosepepe.com.br\/acquerello\/wp-content\/uploads\/2015\/12\/cv_02a.png 1500w\" sizes=\"(max-width: 1500px) 100vw, 1500px\" \/><\/a><\/p>\n<p>Cia de Ballet Cisne Negro SP \/ Centro Cultural dos Procuradores do Estado de S\u00e3o Paulo \/ Pinacoteca \/\u00a0Museu de Arte Sacra de S\u00e3o Paulo \/ Casa de Espet\u00e1culos Tom Brasil \/ Centro de Artes \/ Theatro Mvnicipal\u00a0de S\u00e3o Paulo \/ Funda\u00e7\u00e3o Cultural Banco do Brasil \/ Bar Vou Vivendo \/ Universidade de S\u00e3o Paulo \/\u00a0Assembl\u00e9ia Legislativa do Estado de S\u00e3o Paulo \/ Assessoria Afro \/ Funda\u00e7\u00e3o Padre Anchieta \/ Light SP \/\u00a0Instituto de Terras do Par\u00e1 \/ Funtelpa \/ Vale \/ Universidade Federal do Par\u00e1 \/ Funda\u00e7\u00e3o de Amparo e Desenvolvimento\u00a0da Pesquisa \/ Instituto de Artes do Par\u00e1 \/ Universidade Federal do Oeste do Par\u00e1 \/ Instituto de\u00a0Pesquisa da Amaz\u00f4nia.<\/p>\n<\/div><\/div><\/div><\/div><\/div><div class=\"fusion-text fusion-text-2\"><p><img decoding=\"async\" class=\"alignright wp-image-312\" src=\"http:\/\/rosepepe.com.br\/acquerello\/wp-content\/uploads\/2015\/12\/assinatura_white.png\" alt=\"assinatura_white\" width=\"250\" height=\"114\" srcset=\"https:\/\/rosepepe.com.br\/acquerello\/wp-content\/uploads\/2015\/12\/assinatura_white-300x137.png 300w, https:\/\/rosepepe.com.br\/acquerello\/wp-content\/uploads\/2015\/12\/assinatura_white.png 382w\" sizes=\"(max-width: 250px) 100vw, 250px\" \/><\/p>\n<p>&nbsp;<\/p>\n<p><a href=\"http:\/\/rosepepe.com.br\/acquerello\/wp-content\/uploads\/2015\/12\/CV_Rose.pdf\" target=\"_blank\">Download do Curriculum em PDF<\/a><\/p>\n<p><a href=\"http:\/\/lattes.cnpq.br\/3443442660621362\" target=\"_blank\">Curriculum Lates<\/a><\/p>\n<\/div><div class=\"fusion-clearfix\"><\/div><\/div><\/div><\/div><\/div>\n","protected":false},"excerpt":{"rendered":"","protected":false},"author":1,"featured_media":0,"parent":0,"menu_order":0,"comment_status":"closed","ping_status":"closed","template":"","meta":{"footnotes":""},"class_list":["post-298","page","type-page","status-publish","hentry"],"_links":{"self":[{"href":"https:\/\/rosepepe.com.br\/acquerello\/wp-json\/wp\/v2\/pages\/298","targetHints":{"allow":["GET"]}}],"collection":[{"href":"https:\/\/rosepepe.com.br\/acquerello\/wp-json\/wp\/v2\/pages"}],"about":[{"href":"https:\/\/rosepepe.com.br\/acquerello\/wp-json\/wp\/v2\/types\/page"}],"author":[{"embeddable":true,"href":"https:\/\/rosepepe.com.br\/acquerello\/wp-json\/wp\/v2\/users\/1"}],"replies":[{"embeddable":true,"href":"https:\/\/rosepepe.com.br\/acquerello\/wp-json\/wp\/v2\/comments?post=298"}],"version-history":[{"count":29,"href":"https:\/\/rosepepe.com.br\/acquerello\/wp-json\/wp\/v2\/pages\/298\/revisions"}],"predecessor-version":[{"id":1569,"href":"https:\/\/rosepepe.com.br\/acquerello\/wp-json\/wp\/v2\/pages\/298\/revisions\/1569"}],"wp:attachment":[{"href":"https:\/\/rosepepe.com.br\/acquerello\/wp-json\/wp\/v2\/media?parent=298"}],"curies":[{"name":"wp","href":"https:\/\/api.w.org\/{rel}","templated":true}]}}